{"id":320,"date":"2021-10-13T21:03:48","date_gmt":"2021-10-13T19:03:48","guid":{"rendered":"http:\/\/localhost:8080\/lanotte\/?page_id=320"},"modified":"2022-01-18T11:05:59","modified_gmt":"2022-01-18T10:05:59","slug":"l-archivio-fotografico","status":"publish","type":"page","link":"https:\/\/collezioni.unimi.it\/lanotte\/l-archivio-fotografico\/","title":{"rendered":"L&#8217;archivio fotografico"},"content":{"rendered":"\t\t<div data-elementor-type=\"wp-page\" data-elementor-id=\"320\" class=\"elementor elementor-320\">\n\t\t\t\t\t\t<section class=\"elementor-section elementor-top-section elementor-element elementor-element-c6d31b9 elementor-section-boxed elementor-section-height-default elementor-section-height-default\" data-id=\"c6d31b9\" data-element_type=\"section\" data-e-type=\"section\">\n\t\t\t\t\t\t<div class=\"elementor-container elementor-column-gap-default\">\n\t\t\t\t\t<div class=\"elementor-column elementor-col-100 elementor-top-column elementor-element elementor-element-b74022a\" data-id=\"b74022a\" data-element_type=\"column\" data-e-type=\"column\">\n\t\t\t<div class=\"elementor-widget-wrap elementor-element-populated\">\n\t\t\t\t\t\t<section class=\"elementor-section elementor-inner-section elementor-element elementor-element-5583cc4 elementor-section-full_width elementor-hidden-desktop elementor-hidden-mobile elementor-section-height-default elementor-section-height-default\" data-id=\"5583cc4\" data-element_type=\"section\" data-e-type=\"section\" data-settings=\"{&quot;background_background&quot;:&quot;classic&quot;}\">\n\t\t\t\t\t\t<div class=\"elementor-container elementor-column-gap-default\">\n\t\t\t\t\t<div class=\"elementor-column elementor-col-100 elementor-inner-column elementor-element elementor-element-e495b25\" data-id=\"e495b25\" data-element_type=\"column\" data-e-type=\"column\" data-settings=\"{&quot;background_background&quot;:&quot;classic&quot;}\">\n\t\t\t<div class=\"elementor-widget-wrap elementor-element-populated\">\n\t\t\t\t\t\t<div class=\"elementor-element elementor-element-2280792 elementor-widget elementor-widget-heading\" data-id=\"2280792\" data-element_type=\"widget\" data-e-type=\"widget\" data-widget_type=\"heading.default\">\n\t\t\t\t<div class=\"elementor-widget-container\">\n\t\t\t\t\t<h2 class=\"elementor-heading-title elementor-size-large\">L'ARCHIVIO FOTOGRAFICO<\/h2>\t\t\t\t<\/div>\n\t\t\t\t<\/div>\n\t\t\t\t<div class=\"elementor-element elementor-element-4f7b27d elementor-widget elementor-widget-heading\" data-id=\"4f7b27d\" data-element_type=\"widget\" data-e-type=\"widget\" data-widget_type=\"heading.default\">\n\t\t\t\t<div class=\"elementor-widget-container\">\n\t\t\t\t\t<p class=\"elementor-heading-title elementor-size-medium\">Una sommaria inquadratura sull\u2019Archivio fotografico \u201cLa Notte\u201d nel suo complesso dar\u00e0 contezza di questo patrimonio, importante fonte documentaria per il secondo Novecento. L\u2019archivio La Notte consta di 360 metri lineari, per un totale di oltre 1800 buste di conservazione, collocate in 18 scaffali di compactus. Si tratta complessivamente di circa 90.000 fascicoli e un conteggio, ancora non definitivo, delle stampe contenute nei fascicoli fa ascendere il numero di fotografie a oltre il mezzo milione. Le foto e i fascicoli sono per la quasi totalit\u00e0 in buono stato di conservazione, salvo pochi casi di materiali danneggiati. Oltre a queste buste, si trovano oltre 300.000 negativi originali di servizi fotografici, in formato 6x6 cm e 35 mm.<br>L\u2019archivio La Notte copre prevalentemente l\u2019arco cronologico che corrisponde alla vita del giornale (1952-1995), ma negativi e stampe fanno talvolta incursione anche gli anni Quaranta grazie alla presenza di fotografie dell\u2019archivio del \u201cCorriere Lombardo\u201d, assorbito dalla Notte nel 1966.\nI fascicoli originali sono buste di cartoncino leggero, con titoli che descrivono sommariamente il soggetto. Nel caso di soggetti particolarmente corposi, i fascicoli dello stesso soggetto sono due, uno per le fotografie e un secondo per i \u201ctesti\u201d. All\u2019interno dei fascicoli si possono trovare fotografie, ritagli di articoli della Notte e di altri giornali, cartine, vignette, clich\u00e9, disegni, testi dattiloscritti, e altro materiale a stampa.  <br>Le fotografie conservate nei fascicoli recano quasi sempre sul retro un piccolo ritaglio con la didascalia della foto, o con un breve trafiletto di corredo e vi si possono trovare appunti per la composizione della pagina del quotidiano.  Le indicazioni sul retro ci mostrano come spesso le fotografie venissero riutilizzate per illustrare lo stesso soggetto, anche a distanza di diversi anni. Ancora, sul retro delle fotografie sono indicati i crediti fotografici, ossia il nome del fotografo o dell\u2019agenzia dai quali le fotografie venivano acquistate. <\/p>\t\t\t\t<\/div>\n\t\t\t\t<\/div>\n\t\t\t\t\t<\/div>\n\t\t<\/div>\n\t\t\t\t\t<\/div>\n\t\t<\/section>\n\t\t\t\t<section class=\"elementor-section elementor-inner-section elementor-element elementor-element-7ebfbba elementor-section-full_width elementor-hidden-desktop elementor-hidden-mobile elementor-section-height-default elementor-section-height-default\" data-id=\"7ebfbba\" data-element_type=\"section\" data-e-type=\"section\" data-settings=\"{&quot;background_background&quot;:&quot;classic&quot;}\">\n\t\t\t\t\t\t<div class=\"elementor-container elementor-column-gap-default\">\n\t\t\t\t\t<div class=\"elementor-column elementor-col-100 elementor-inner-column elementor-element elementor-element-ed81ce4\" data-id=\"ed81ce4\" data-element_type=\"column\" data-e-type=\"column\">\n\t\t\t<div class=\"elementor-widget-wrap elementor-element-populated\">\n\t\t\t\t\t\t<div class=\"elementor-element elementor-element-6c8b2b0 elementor-widget elementor-widget-image\" data-id=\"6c8b2b0\" data-element_type=\"widget\" data-e-type=\"widget\" data-widget_type=\"image.default\">\n\t\t\t\t<div class=\"elementor-widget-container\">\n\t\t\t\t\t\t\t\t\t\t\t\t\t\t\t<img fetchpriority=\"high\" decoding=\"async\" width=\"449\" height=\"317\" src=\"https:\/\/collezioni.unimi.it\/lanotte\/wp-content\/uploads\/l_archivio_fotografico_image-2.jpg\" class=\"attachment-large size-large wp-image-3318\" alt=\"Scatti del giornale La Notte\" srcset=\"https:\/\/collezioni.unimi.it\/lanotte\/wp-content\/uploads\/l_archivio_fotografico_image-2.jpg 449w, https:\/\/collezioni.unimi.it\/lanotte\/wp-content\/uploads\/l_archivio_fotografico_image-2-1x1.jpg 1w\" sizes=\"(max-width: 449px) 100vw, 449px\" \/>\t\t\t\t\t\t\t\t\t\t\t\t\t\t\t<\/div>\n\t\t\t\t<\/div>\n\t\t\t\t<div class=\"elementor-element elementor-element-366ae56 elementor-widget elementor-widget-heading\" data-id=\"366ae56\" data-element_type=\"widget\" data-e-type=\"widget\" data-widget_type=\"heading.default\">\n\t\t\t\t<div class=\"elementor-widget-container\">\n\t\t\t\t\t<p class=\"elementor-heading-title elementor-size-medium\"><br>Le fotografie erano organizzate secondo la logica tipica del centro di documentazione giornalistico: sono suddivise in quattro serie fondamentali che noi abbiamo chiamato: <i>Persone<\/i>, <i>Materie<\/i>, <i>Luoghi<\/i>, <i>Protagonisti di cronaca<\/i>, a cui sono state aggiunte le serie <i>Cinema<\/i>, <i>Vignette<\/i>, <i>Negativi<\/i> <i>e diapositive <\/i>e \u201c<i>La Notte<\/i>\u201d. La serie <i>Materie <\/i>contiene 237 voci, e per citarne solo alcune tra le meno scontate si va da Chiromanti a Fidanzati, da Isole a Lavoro, da Night-club a Visionari; 31 sono le voci riferite agli sport e il termine \u201ccalcio\u201d, tanto per fare l\u2019esempio pi\u00f9 evidente ricorre in 4200 fascicoli a dimostrazione della vocazione sportiva del giornale. Le serie pi\u00f9 corpose sono quelle delle <i>Persone <\/i>e dei <i>Protagonisti di cronaca<\/i>, rispettivamente con 39.000 e 21.000 fascicoli. La serie <i>Luoghi  <\/i>contiene 90 voci e oltre ai maggiori stati esteri si trovano fascicoli su Kashmir e Bhutan, Tibet e Turchia, Dahomei e Transkei (Sud Africa), ma anche su Torino, Firenze, Genova, fino a Bollate, Luino o Mortara. Ogni serie al proprio interno \u00e8 ordinata alfabeticamente e le voci possono essere pi\u00f9 o meno articolate. Nella serie <i>Luoghi<\/i>, ad esempio<i>, <\/i>la partizione <i>Milano<\/i> \u00e8 articolata internamente in suddivisioni come <i>Palazzi<\/i>, <i>Quartieri<\/i>, <i>Vie<\/i>. Nelle <i>Materie<\/i>, la voce <i>Comune di Milano<\/i>, \u00e8 ulteriormente strutturata, al suo interno, in voci descrittivamente sempre pi\u00f9 analitiche.<br><br><br><\/p>\t\t\t\t<\/div>\n\t\t\t\t<\/div>\n\t\t\t\t<div class=\"elementor-element elementor-element-b3c5c3d elementor-widget elementor-widget-image\" data-id=\"b3c5c3d\" data-element_type=\"widget\" data-e-type=\"widget\" data-widget_type=\"image.default\">\n\t\t\t\t<div class=\"elementor-widget-container\">\n\t\t\t\t\t\t\t\t\t\t\t\t\t\t\t<img decoding=\"async\" width=\"438\" height=\"292\" src=\"https:\/\/collezioni.unimi.it\/lanotte\/wp-content\/uploads\/l_archivio_fotografico_image-1.jpg\" class=\"attachment-large size-large wp-image-3317\" alt=\"Scatole dell&apos;archivio del fondo La Notte\" srcset=\"https:\/\/collezioni.unimi.it\/lanotte\/wp-content\/uploads\/l_archivio_fotografico_image-1.jpg 438w, https:\/\/collezioni.unimi.it\/lanotte\/wp-content\/uploads\/l_archivio_fotografico_image-1-1x1.jpg 1w\" sizes=\"(max-width: 438px) 100vw, 438px\" \/>\t\t\t\t\t\t\t\t\t\t\t\t\t\t\t<\/div>\n\t\t\t\t<\/div>\n\t\t\t\t\t<\/div>\n\t\t<\/div>\n\t\t\t\t\t<\/div>\n\t\t<\/section>\n\t\t\t\t<section class=\"elementor-section elementor-inner-section elementor-element elementor-element-f7df408 elementor-section-full_width elementor-hidden-tablet elementor-section-height-default elementor-section-height-default\" data-id=\"f7df408\" data-element_type=\"section\" data-e-type=\"section\" data-settings=\"{&quot;background_background&quot;:&quot;classic&quot;}\">\n\t\t\t\t\t\t<div class=\"elementor-container elementor-column-gap-default\">\n\t\t\t\t\t<div class=\"elementor-column elementor-col-50 elementor-inner-column elementor-element elementor-element-f3277ab elementor-hidden-tablet\" data-id=\"f3277ab\" data-element_type=\"column\" data-e-type=\"column\" data-settings=\"{&quot;background_background&quot;:&quot;classic&quot;}\">\n\t\t\t<div class=\"elementor-widget-wrap elementor-element-populated\">\n\t\t\t\t\t\t<div class=\"elementor-element elementor-element-5c0c6eb elementor-widget elementor-widget-heading\" data-id=\"5c0c6eb\" data-element_type=\"widget\" data-e-type=\"widget\" data-widget_type=\"heading.default\">\n\t\t\t\t<div class=\"elementor-widget-container\">\n\t\t\t\t\t<h2 class=\"elementor-heading-title elementor-size-xl\">L'ARCHIVIO FOTOGRAFICO<\/h2>\t\t\t\t<\/div>\n\t\t\t\t<\/div>\n\t\t\t\t<div class=\"elementor-element elementor-element-0523b84 elementor-widget elementor-widget-image\" data-id=\"0523b84\" data-element_type=\"widget\" data-e-type=\"widget\" data-widget_type=\"image.default\">\n\t\t\t\t<div class=\"elementor-widget-container\">\n\t\t\t\t\t\t\t\t\t\t\t\t\t\t\t<img fetchpriority=\"high\" decoding=\"async\" width=\"449\" height=\"317\" src=\"https:\/\/collezioni.unimi.it\/lanotte\/wp-content\/uploads\/l_archivio_fotografico_image-2.jpg\" class=\"attachment-large size-large wp-image-3318\" alt=\"Scatti del giornale La Notte\" srcset=\"https:\/\/collezioni.unimi.it\/lanotte\/wp-content\/uploads\/l_archivio_fotografico_image-2.jpg 449w, https:\/\/collezioni.unimi.it\/lanotte\/wp-content\/uploads\/l_archivio_fotografico_image-2-1x1.jpg 1w\" sizes=\"(max-width: 449px) 100vw, 449px\" \/>\t\t\t\t\t\t\t\t\t\t\t\t\t\t\t<\/div>\n\t\t\t\t<\/div>\n\t\t\t\t<div class=\"elementor-element elementor-element-524537f elementor-widget elementor-widget-heading\" data-id=\"524537f\" data-element_type=\"widget\" data-e-type=\"widget\" data-widget_type=\"heading.default\">\n\t\t\t\t<div class=\"elementor-widget-container\">\n\t\t\t\t\t<p class=\"elementor-heading-title elementor-size-medium\">L\u2019archivio \"La Notte\" consta di 360 metri lineari, per un totale di oltre 1800 buste di conservazione, collocate in 18 scaffali di compactus. Si tratta complessivamente di circa 90.000 fascicoli e un conteggio, ancora non definitivo, delle stampe contenute nei fascicoli fa ascendere il numero di fotografie a oltre il mezzo milione. Le foto e i fascicoli sono per la quasi totalit\u00e0 in buono stato di conservazione, salvo pochi casi di materiali danneggiati. Oltre a queste buste, si trovano circa 300.000 negativi originali di servizi fotografici, in formato 6x6 cm e 35 mm.<br>L\u2019archivio copre prevalentemente l\u2019arco cronologico che corrisponde alla vita del giornale (1952-1995), ma negativi e stampe fanno talvolta incursione anche gli anni Quaranta grazie alla presenza di fotografie dell\u2019archivio del \u201cCorriere Lombardo\u201d, assorbito dalla Notte nel 1966.\nI fascicoli originali sono buste di cartoncino leggero, con titoli che descrivono sommariamente il soggetto. Nel caso di soggetti particolarmente corposi, i fascicoli dello stesso soggetto sono due, uno per le fotografie e un secondo per i \u201ctesti\u201d. <br>All\u2019interno dei fascicoli si possono trovare fotografie, ritagli di articoli della Notte e di altri giornali, cartine, vignette, clich\u00e9, disegni, testi dattiloscritti, e altro materiale a stampa.  Le fotografie conservate nei fascicoli recano quasi sempre sul retro un piccolo ritaglio con la didascalia della foto, o con un breve trafiletto di corredo e vi si possono trovare appunti per la composizione della pagina del quotidiano. <br>Le indicazioni sul retro ci mostrano come spesso le fotografie venissero riutilizzate per illustrare lo stesso soggetto, anche a distanza di diversi anni. Ancora, sul retro delle fotografie sono indicati i crediti fotografici, ossia il nome del fotografo o dell\u2019agenzia dai quali le fotografie venivano acquistate.<br><\/p>\t\t\t\t<\/div>\n\t\t\t\t<\/div>\n\t\t\t\t\t<\/div>\n\t\t<\/div>\n\t\t\t\t<div class=\"elementor-column elementor-col-50 elementor-inner-column elementor-element elementor-element-709144f\" data-id=\"709144f\" data-element_type=\"column\" data-e-type=\"column\">\n\t\t\t<div class=\"elementor-widget-wrap elementor-element-populated\">\n\t\t\t\t\t\t<div class=\"elementor-element elementor-element-95bd968 elementor-widget elementor-widget-image\" data-id=\"95bd968\" data-element_type=\"widget\" data-e-type=\"widget\" data-widget_type=\"image.default\">\n\t\t\t\t<div class=\"elementor-widget-container\">\n\t\t\t\t\t\t\t\t\t\t\t\t\t\t\t<img decoding=\"async\" width=\"438\" height=\"292\" src=\"https:\/\/collezioni.unimi.it\/lanotte\/wp-content\/uploads\/l_archivio_fotografico_image-1.jpg\" class=\"attachment-large size-large wp-image-3317\" alt=\"Scatole dell&apos;archivio del fondo La Notte\" srcset=\"https:\/\/collezioni.unimi.it\/lanotte\/wp-content\/uploads\/l_archivio_fotografico_image-1.jpg 438w, https:\/\/collezioni.unimi.it\/lanotte\/wp-content\/uploads\/l_archivio_fotografico_image-1-1x1.jpg 1w\" sizes=\"(max-width: 438px) 100vw, 438px\" \/>\t\t\t\t\t\t\t\t\t\t\t\t\t\t\t<\/div>\n\t\t\t\t<\/div>\n\t\t\t\t<div class=\"elementor-element elementor-element-d6eb6b4 elementor-widget elementor-widget-heading\" data-id=\"d6eb6b4\" data-element_type=\"widget\" data-e-type=\"widget\" data-widget_type=\"heading.default\">\n\t\t\t\t<div class=\"elementor-widget-container\">\n\t\t\t\t\t<p class=\"elementor-heading-title elementor-size-medium\"><br>Le fotografie erano organizzate secondo la logica tipica del centro di documentazione giornalistico: sono suddivise in quattro serie fondamentali che noi abbiamo chiamato: <i>Persone<\/i>, <i>Materie<\/i>, <i>Luoghi<\/i>, <i>Protagonisti di cronaca<\/i>, a cui abbiamo aggiunto le serie <i>Cinema<\/i>, <i>Vignette<\/i>, <i>Negativi e diapositive<\/i> e \u201c<i>La Notte<\/i>\u201d. La serie <i>Materie <\/i>contiene 237 voci, e per citarne solo alcune tra le meno scontate si va da Chiromanti a Fidanzati, da Isole a Lavoro, da Night-club a Visionari; 31 sono le voci riferite agli sport e il termine \u201ccalcio\u201d, tanto per fare l\u2019esempio pi\u00f9 evidente ricorre in 4200 fascicoli a dimostrazione della vocazione sportiva del giornale. Le serie pi\u00f9 corpose sono quelle delle <i>Persone <\/i>e dei <i>Protagonisti di cronaca<\/i>, rispettivamente con 39.000 e 21.000 fascicoli.\nLa serie <i>Luoghi <\/i>contiene 90 voci e oltre ai maggiori stati esteri si trovano fascicoli su Kashmir e Bhutan, Tibet e Turchia, Dahomei e Transkei (Sud Africa), ma anche su Torino, Firenze, Genova, fino a Bollate, Luino o Mortara. Ogni serie al proprio interno \u00e8 ordinata alfabeticamente e le voci possono essere pi\u00f9 o meno articolate. Nella serie <i>Luoghi, <\/i>ad esempio,<i> <\/i>la partizione <i>Milano <\/i>\u00e8 articolata internamente in suddivisioni come Palazzi, Quartieri, Vie. Nelle <i>Materie<\/i>, la voce Comune di Milano, \u00e8 ulteriormente strutturata, al suo interno, in voci descrittivamente sempre pi\u00f9 analitiche.<br><br><\/p>\t\t\t\t<\/div>\n\t\t\t\t<\/div>\n\t\t\t\t\t<\/div>\n\t\t<\/div>\n\t\t\t\t\t<\/div>\n\t\t<\/section>\n\t\t\t\t<section class=\"elementor-section elementor-inner-section elementor-element elementor-element-cfe3026 elementor-hidden-desktop elementor-hidden-mobile elementor-section-boxed elementor-section-height-default elementor-section-height-default\" data-id=\"cfe3026\" data-element_type=\"section\" data-e-type=\"section\" data-settings=\"{&quot;background_background&quot;:&quot;classic&quot;}\">\n\t\t\t\t\t\t<div class=\"elementor-container elementor-column-gap-default\">\n\t\t\t\t\t<div class=\"elementor-column elementor-col-100 elementor-inner-column elementor-element elementor-element-7ea757b\" data-id=\"7ea757b\" data-element_type=\"column\" data-e-type=\"column\">\n\t\t\t<div class=\"elementor-widget-wrap elementor-element-populated\">\n\t\t\t\t\t\t<div class=\"elementor-element elementor-element-1c6c7d5 elementor-widget elementor-widget-image\" data-id=\"1c6c7d5\" data-element_type=\"widget\" data-e-type=\"widget\" data-widget_type=\"image.default\">\n\t\t\t\t<div class=\"elementor-widget-container\">\n\t\t\t\t\t\t\t\t\t\t\t\t\t\t\t<img decoding=\"async\" width=\"360\" height=\"291\" src=\"https:\/\/collezioni.unimi.it\/lanotte\/wp-content\/uploads\/l_archivio_fotografico_image-4.jpg\" class=\"attachment-large size-large wp-image-3320\" alt=\"Bustine dei negativi del fondo La Notte\" srcset=\"https:\/\/collezioni.unimi.it\/lanotte\/wp-content\/uploads\/l_archivio_fotografico_image-4.jpg 360w, https:\/\/collezioni.unimi.it\/lanotte\/wp-content\/uploads\/l_archivio_fotografico_image-4-1x1.jpg 1w\" sizes=\"(max-width: 360px) 100vw, 360px\" \/>\t\t\t\t\t\t\t\t\t\t\t\t\t\t\t<\/div>\n\t\t\t\t<\/div>\n\t\t\t\t<div class=\"elementor-element elementor-element-f5d1716 elementor-widget elementor-widget-heading\" data-id=\"f5d1716\" data-element_type=\"widget\" data-e-type=\"widget\" data-widget_type=\"heading.default\">\n\t\t\t\t<div class=\"elementor-widget-container\">\n\t\t\t\t\t<p class=\"elementor-heading-title elementor-size-medium\">Una sommaria<\/p>\t\t\t\t<\/div>\n\t\t\t\t<\/div>\n\t\t\t\t\t<\/div>\n\t\t<\/div>\n\t\t\t\t\t<\/div>\n\t\t<\/section>\n\t\t\t\t<section class=\"elementor-section elementor-inner-section elementor-element elementor-element-08c1bfc elementor-hidden-desktop elementor-hidden-mobile elementor-section-boxed elementor-section-height-default elementor-section-height-default\" data-id=\"08c1bfc\" data-element_type=\"section\" data-e-type=\"section\" data-settings=\"{&quot;background_background&quot;:&quot;classic&quot;}\">\n\t\t\t\t\t\t<div class=\"elementor-container elementor-column-gap-default\">\n\t\t\t\t\t<div class=\"elementor-column elementor-col-100 elementor-inner-column elementor-element elementor-element-f4e0ba9\" data-id=\"f4e0ba9\" data-element_type=\"column\" data-e-type=\"column\">\n\t\t\t<div class=\"elementor-widget-wrap elementor-element-populated\">\n\t\t\t\t\t\t<div class=\"elementor-element elementor-element-9de4392 elementor-hidden-tablet elementor-widget elementor-widget-image\" data-id=\"9de4392\" data-element_type=\"widget\" data-e-type=\"widget\" data-widget_type=\"image.default\">\n\t\t\t\t<div class=\"elementor-widget-container\">\n\t\t\t\t\t\t\t\t\t\t\t\t\t\t\t<img loading=\"lazy\" decoding=\"async\" width=\"195\" height=\"305\" src=\"https:\/\/collezioni.unimi.it\/lanotte\/wp-content\/uploads\/l_archivio_fotografico_image-3.jpg\" class=\"attachment-large size-large wp-image-3319\" alt=\"Bustine dei negativi del fondo La Notte\" srcset=\"https:\/\/collezioni.unimi.it\/lanotte\/wp-content\/uploads\/l_archivio_fotografico_image-3.jpg 195w, https:\/\/collezioni.unimi.it\/lanotte\/wp-content\/uploads\/l_archivio_fotografico_image-3-1x2.jpg 1w\" sizes=\"(max-width: 195px) 100vw, 195px\" \/>\t\t\t\t\t\t\t\t\t\t\t\t\t\t\t<\/div>\n\t\t\t\t<\/div>\n\t\t\t\t<div class=\"elementor-element elementor-element-a3114c3 elementor-hidden-tablet elementor-widget elementor-widget-image\" data-id=\"a3114c3\" data-element_type=\"widget\" data-e-type=\"widget\" data-widget_type=\"image.default\">\n\t\t\t\t<div class=\"elementor-widget-container\">\n\t\t\t\t\t\t\t\t\t\t\t\t\t\t\t<img loading=\"lazy\" decoding=\"async\" width=\"165\" height=\"292\" src=\"https:\/\/collezioni.unimi.it\/lanotte\/wp-content\/uploads\/l_archivio_fotografico_image-5.jpg\" class=\"attachment-large size-large wp-image-3321\" alt=\"Bustine dei negativi del fondo La Notte\" srcset=\"https:\/\/collezioni.unimi.it\/lanotte\/wp-content\/uploads\/l_archivio_fotografico_image-5.jpg 165w, https:\/\/collezioni.unimi.it\/lanotte\/wp-content\/uploads\/l_archivio_fotografico_image-5-1x2.jpg 1w\" sizes=\"(max-width: 165px) 100vw, 165px\" \/>\t\t\t\t\t\t\t\t\t\t\t\t\t\t\t<\/div>\n\t\t\t\t<\/div>\n\t\t\t\t<div class=\"elementor-element elementor-element-fd9316f elementor-widget elementor-widget-heading\" data-id=\"fd9316f\" data-element_type=\"widget\" data-e-type=\"widget\" data-widget_type=\"heading.default\">\n\t\t\t\t<div class=\"elementor-widget-container\">\n\t\t\t\t\t<p class=\"elementor-heading-title elementor-size-medium\">Analoghe suddivisioni si trovano nella serie <i>Negativi e diapositive<\/i>.<br>Questa \u00e8 la serie sicuramente pi\u00f9 inesplorata e perlopi\u00f9 inedita, dell'archivio del giornale: quella dei negativi fotografici. A differenza del resto dell\u2019archivio, fatto di riproduzioni di immagini di agenzie, di fotografi free lance, di archivi fotografici, i negativi rappresentano e attestano il lavoro dei fotografi interni della \u201cNotte\u201d, inviati dal giornale a inseguire i fatti di cronaca o a eseguire servizi fotografici \u201cposati\u201d: proprio questa caratteristica fa dei negativi la serie senz\u2019altro pi\u00f9 originale, unica e fors\u2019anche pi\u00f9 identitaria del giornale. La sezione dei negativi ha tuttavia un limite: i negativi non riportano l\u2019indicazione del fotografo e dunque non \u00e8 possibile indicarne la paternit\u00e0; n\u00e9 vengono in soccorso documenti, registri di lavorazione o altra documentazione amministrativa completamente assente nell\u2019Archivio La Notte, prettamente fotografico. Le immagini stesse ci parlano, tuttavia, del lavoro dei fotografi: essi vedevano e potevano catturare immagini di cronaca bianca declinata in mille sfaccettature, inseguivano i fatti di cronaca nera correndo letteralmente \u201cdietro la notizia\u201d, documentavano i tanti cambiamenti che la citt\u00e0 stava attraversando, nelle strutture e infrastrutture fisiche come in quelle culturali e sociali, ma cercavano anche conferma dell\u2019identit\u00e0 milanese andando alla ricerca dei suoi simboli.<br>La precipua caratterizzazione locale del lavoro degli inviati, milanese e pi\u00f9 raramente lombarda, esclude dall\u2019esposizione i grandi fatti di cronaca nazionale e internazionale, affidati non ai negativi ma agli apporti esterni delle agenzie e quindi qui non documentati. Una sintetica lettura dell\u2019attivit\u00e0 dei fotografi della \u201cNotte\u201d ci \u00e8 offerta da questo elenco dei soggetti dei negativi (con indicazione del numero di scatole occupate), dove anche i criteri di classificazione ci parlano dell\u2019interpretazione del reale: Cronaca bianca 17 scatole; Reati vari 13; Rapine 13; Delitti Milano 12; Milano e altri luoghi 9; Calcio 7; Processi 7; Furti 6; Servizi 6; Scelte 5; Varie 5; Aggressioni ferimenti 4; Musica leggera 3; Personaggi 3; Teatro 3; La Notte 3; Incidenti 3; Sport 3; Prostituzione 2; Corriere Lombardo 2; Droga 2;Ospedali 2; Scioperi 2; Truffe e falsi 2; Servizi commerciali 2; Animali zoo vari 2; Cinema 2; Scuole 1; Personalit\u00e0 politiche 1; Mostre 1; Suicidi 1; Personalit\u00e0 cittadine 1; Artisti scrittori scienziati 1; Incendi 1; Giornalisti 1; Televisione attori registri 1; Polizia 1; Forze armate 1; Magistrati avvocati 1; Carabinieri 1; Cronaca nera 1; Negativi vari d\u2019epoca 1; Dongo oro 1. <br><br>L\u2019inventario con l\u2019elenco di tutti i fascicoli \u00e8 consultabile nel Portale La Statale Archivi all\u2019indirizzo https:\/\/archivi.unimi.it\/.\n<\/p>\t\t\t\t<\/div>\n\t\t\t\t<\/div>\n\t\t\t\t\t<\/div>\n\t\t<\/div>\n\t\t\t\t\t<\/div>\n\t\t<\/section>\n\t\t\t\t\t<\/div>\n\t\t<\/div>\n\t\t\t\t\t<\/div>\n\t\t<\/section>\n\t\t\t\t<section class=\"elementor-section elementor-top-section elementor-element elementor-element-89d5c8e elementor-section-boxed elementor-section-height-default elementor-section-height-default\" data-id=\"89d5c8e\" data-element_type=\"section\" data-e-type=\"section\">\n\t\t\t\t\t\t<div class=\"elementor-container elementor-column-gap-default\">\n\t\t\t\t\t<div class=\"elementor-column elementor-col-100 elementor-top-column elementor-element elementor-element-1b6c157\" data-id=\"1b6c157\" data-element_type=\"column\" data-e-type=\"column\">\n\t\t\t<div class=\"elementor-widget-wrap elementor-element-populated\">\n\t\t\t\t\t\t<section class=\"elementor-section elementor-inner-section elementor-element elementor-element-a79354a elementor-hidden-tablet elementor-section-boxed elementor-section-height-default elementor-section-height-default\" data-id=\"a79354a\" data-element_type=\"section\" data-e-type=\"section\" data-settings=\"{&quot;background_background&quot;:&quot;classic&quot;}\">\n\t\t\t\t\t\t<div class=\"elementor-container elementor-column-gap-default\">\n\t\t\t\t\t<div class=\"elementor-column elementor-col-50 elementor-inner-column elementor-element elementor-element-716745b elementor-hidden-tablet\" data-id=\"716745b\" data-element_type=\"column\" data-e-type=\"column\">\n\t\t\t<div class=\"elementor-widget-wrap elementor-element-populated\">\n\t\t\t\t\t\t<div class=\"elementor-element elementor-element-c95efd9 elementor-widget elementor-widget-heading\" data-id=\"c95efd9\" data-element_type=\"widget\" data-e-type=\"widget\" data-widget_type=\"heading.default\">\n\t\t\t\t<div class=\"elementor-widget-container\">\n\t\t\t\t\t<p class=\"elementor-heading-title elementor-size-medium\">Analoghe suddivisioni si trovano nella serie <i>Negativi e diapositive<\/i>.<br>Questa \u00e8 la serie sicuramente pi\u00f9 inesplorata e perlopi\u00f9 inedita, dell'archivio del giornale: quella dei negativi fotografici. A differenza del resto dell\u2019archivio, fatto di riproduzioni di immagini di agenzie, di fotografi free lance, di archivi fotografici, i negativi rappresentano e attestano il lavoro dei fotografi interni della \u201cNotte\u201d, inviati dal giornale a inseguire i fatti di cronaca o a eseguire servizi fotografici \u201cposati\u201d: proprio questa caratteristica fa dei negativi la serie senz\u2019altro pi\u00f9 originale, unica e fors\u2019anche pi\u00f9 identitaria del giornale. La sezione dei negativi ha tuttavia un limite: i negativi non riportano l\u2019indicazione del fotografo e dunque non \u00e8 possibile indicarne la paternit\u00e0; n\u00e9 vengono in soccorso documenti, registri di lavorazione o altra documentazione amministrativa completamente assente nell\u2019Archivio \"La Notte\", prettamente fotografico.<\/p>\t\t\t\t<\/div>\n\t\t\t\t<\/div>\n\t\t\t\t<div class=\"elementor-element elementor-element-7192734 elementor-widget elementor-widget-image\" data-id=\"7192734\" data-element_type=\"widget\" data-e-type=\"widget\" data-widget_type=\"image.default\">\n\t\t\t\t<div class=\"elementor-widget-container\">\n\t\t\t\t\t\t\t\t\t\t\t\t\t\t\t<img decoding=\"async\" width=\"360\" height=\"291\" src=\"https:\/\/collezioni.unimi.it\/lanotte\/wp-content\/uploads\/l_archivio_fotografico_image-4.jpg\" class=\"attachment-large size-large wp-image-3320\" alt=\"Bustine dei negativi del fondo La Notte\" srcset=\"https:\/\/collezioni.unimi.it\/lanotte\/wp-content\/uploads\/l_archivio_fotografico_image-4.jpg 360w, https:\/\/collezioni.unimi.it\/lanotte\/wp-content\/uploads\/l_archivio_fotografico_image-4-1x1.jpg 1w\" sizes=\"(max-width: 360px) 100vw, 360px\" \/>\t\t\t\t\t\t\t\t\t\t\t\t\t\t\t<\/div>\n\t\t\t\t<\/div>\n\t\t\t\t<div class=\"elementor-element elementor-element-9b61087 elementor-widget elementor-widget-heading\" data-id=\"9b61087\" data-element_type=\"widget\" data-e-type=\"widget\" data-widget_type=\"heading.default\">\n\t\t\t\t<div class=\"elementor-widget-container\">\n\t\t\t\t\t<p class=\"elementor-heading-title elementor-size-medium\"><br> Le immagini stesse ci parlano, tuttavia, del lavoro dei fotografi: essi vedevano e potevano catturare immagini di cronaca bianca declinata in mille sfaccettature, inseguivano i fatti di cronaca nera correndo letteralmente \u201cdietro la notizia\u201d, documentavano i tanti cambiamenti che la citt\u00e0 stava attraversando, nelle strutture e infrastrutture fisiche come in quelle culturali e sociali, ma cercavano anche conferma dell\u2019identit\u00e0 milanese andando alla ricerca dei suoi simboli.<br>\n<\/p>\t\t\t\t<\/div>\n\t\t\t\t<\/div>\n\t\t\t\t\t<\/div>\n\t\t<\/div>\n\t\t\t\t<div class=\"elementor-column elementor-col-50 elementor-inner-column elementor-element elementor-element-0ec26d6\" data-id=\"0ec26d6\" data-element_type=\"column\" data-e-type=\"column\">\n\t\t\t<div class=\"elementor-widget-wrap elementor-element-populated\">\n\t\t\t\t\t\t<div class=\"elementor-element elementor-element-ad5b06d elementor-widget elementor-widget-image\" data-id=\"ad5b06d\" data-element_type=\"widget\" data-e-type=\"widget\" data-widget_type=\"image.default\">\n\t\t\t\t<div class=\"elementor-widget-container\">\n\t\t\t\t\t\t\t\t\t\t\t\t\t\t\t<img loading=\"lazy\" decoding=\"async\" width=\"195\" height=\"305\" src=\"https:\/\/collezioni.unimi.it\/lanotte\/wp-content\/uploads\/l_archivio_fotografico_image-3.jpg\" class=\"attachment-large size-large wp-image-3319\" alt=\"Bustine dei negativi del fondo La Notte\" srcset=\"https:\/\/collezioni.unimi.it\/lanotte\/wp-content\/uploads\/l_archivio_fotografico_image-3.jpg 195w, https:\/\/collezioni.unimi.it\/lanotte\/wp-content\/uploads\/l_archivio_fotografico_image-3-1x2.jpg 1w\" sizes=\"(max-width: 195px) 100vw, 195px\" \/>\t\t\t\t\t\t\t\t\t\t\t\t\t\t\t<\/div>\n\t\t\t\t<\/div>\n\t\t\t\t<div class=\"elementor-element elementor-element-2d55615 elementor-widget elementor-widget-heading\" data-id=\"2d55615\" data-element_type=\"widget\" data-e-type=\"widget\" data-widget_type=\"heading.default\">\n\t\t\t\t<div class=\"elementor-widget-container\">\n\t\t\t\t\t<p class=\"elementor-heading-title elementor-size-medium\"><br>La precipua caratterizzazione locale del lavoro degli inviati, milanese e pi\u00f9 raramente lombarda, esclude dall\u2019esposizione i grandi fatti di cronaca nazionale e internazionale, affidati non ai negativi ma agli apporti esterni delle agenzie. Una sintetica lettura dell\u2019attivit\u00e0 dei fotografi della \u201cNotte\u201d ci \u00e8 offerta da questo elenco dei soggetti dei negativi (con indicazione del numero di scatole occupate), dove anche i criteri di classificazione ci parlano dell\u2019interpretazione del reale: Cronaca bianca 17 scatole; Reati vari 13; Rapine 13; Delitti Milano 12; Milano e altri luoghi 9; Calcio 7; Processi 7; Furti 6; Servizi 6; Scelte 5; Varie 5; Aggressioni ferimenti 4; Musica leggera 3; Personaggi 3; Teatro 3; La Notte 3; Incidenti 3; Sport 3; Prostituzione 2; Corriere Lombardo 2; Droga 2;Ospedali 2; Scioperi 2; Truffe e falsi 2; Servizi commerciali 2; Animali zoo vari 2; Cinema 2; Scuole 1; Personalit\u00e0 politiche 1; Mostre 1; Suicidi 1; Personalit\u00e0 cittadine 1; Artisti scrittori scienziati 1; Incendi 1; Giornalisti 1; Televisione attori registri 1; Polizia 1; Forze armate 1; Magistrati avvocati 1; Carabinieri 1; Cronaca nera 1; Negativi vari d\u2019epoca 1; Dongo oro 1. <br>L\u2019inventario dell'archivio, con l\u2019elenco di tutti i fascicoli, \u00e8 consultabile nel portale La Statale Archivi all\u2019indirizzo https:\/\/archivi.unimi.it\/.\n<\/p>\t\t\t\t<\/div>\n\t\t\t\t<\/div>\n\t\t\t\t<div class=\"elementor-element elementor-element-2b98071 elementor-widget elementor-widget-image\" data-id=\"2b98071\" data-element_type=\"widget\" data-e-type=\"widget\" data-widget_type=\"image.default\">\n\t\t\t\t<div class=\"elementor-widget-container\">\n\t\t\t\t\t\t\t\t\t\t\t\t\t\t\t<img loading=\"lazy\" decoding=\"async\" width=\"165\" height=\"292\" src=\"https:\/\/collezioni.unimi.it\/lanotte\/wp-content\/uploads\/l_archivio_fotografico_image-5.jpg\" class=\"attachment-large size-large wp-image-3321\" alt=\"Bustine dei negativi del fondo La Notte\" srcset=\"https:\/\/collezioni.unimi.it\/lanotte\/wp-content\/uploads\/l_archivio_fotografico_image-5.jpg 165w, https:\/\/collezioni.unimi.it\/lanotte\/wp-content\/uploads\/l_archivio_fotografico_image-5-1x2.jpg 1w\" sizes=\"(max-width: 165px) 100vw, 165px\" \/>\t\t\t\t\t\t\t\t\t\t\t\t\t\t\t<\/div>\n\t\t\t\t<\/div>\n\t\t\t\t\t<\/div>\n\t\t<\/div>\n\t\t\t\t\t<\/div>\n\t\t<\/section>\n\t\t\t\t\t<\/div>\n\t\t<\/div>\n\t\t\t\t\t<\/div>\n\t\t<\/section>\n\t\t\t\t<\/div>\n\t\t","protected":false},"excerpt":{"rendered":"<p>L&#8217;ARCHIVIO FOTOGRAFICO Una sommaria inquadratura sull\u2019Archivio fotografico \u201cLa Notte\u201d nel suo complesso dar\u00e0 contezza di questo patrimonio, importante fonte documentaria per il secondo Novecento. L\u2019archivio La Notte consta di 360 metri lineari, per un totale di oltre 1800 buste di conservazione, collocate in 18 scaffali di compactus. Si tratta complessivamente di circa 90.000 fascicoli e [&hellip;]<\/p>\n","protected":false},"author":1,"featured_media":0,"parent":0,"menu_order":0,"comment_status":"closed","ping_status":"closed","template":"elementor_header_footer","meta":{"inline_featured_image":false,"footnotes":""},"class_list":["post-320","page","type-page","status-publish","hentry"],"yoast_head":"<!-- This site is optimized with the Yoast SEO plugin v28.4 - https:\/\/yoast.com\/product\/yoast-seo-wordpress\/ -->\n<title>L&#039;archivio fotografico - La Notte<\/title>\n<meta name=\"description\" content=\"All\u2019interno del grande Archivio fotografico \u201cLa Notte\u201d, custodito presso il centro Apice dell\u2019Universit\u00e0 degli studi di Milano, accanto alle centinaia di migliaia di stampe fotografiche e telefoto, accanto a clich\u00e9s, ritagli di periodici, vignette e schede di film, si conserva una sezione poco esplorata, e perlopi\u00f9 inedita, del giornale: quella dei negativi fotografici. A differenza del resto dell\u2019archivio, fatto di riproduzioni di immagini di agenzie, di fotografi free lance, di archivi fotografici, i negativi rappresentano e attestano il lavoro dei fotografi interni della \u201cNotte\u201d, inviati dal giornale a inseguire i fatti di cronaca o a eseguire servizi fotografici \u201cposati\u201d: proprio questa caratteristica fa dei negativi la serie senz\u2019altro pi\u00f9 originale, unica e fors\u2019anche pi\u00f9 identitaria del giornale ed \u00e8 ad essa che abbiamo attinto le immagini che popolano questa appendice fotografica.\" \/>\n<meta name=\"robots\" content=\"index, follow, max-snippet:-1, max-image-preview:large, max-video-preview:-1\" \/>\n<link rel=\"canonical\" href=\"https:\/\/collezioni.unimi.it\/lanotte\/l-archivio-fotografico\/\" \/>\n<meta property=\"og:locale\" content=\"it_IT\" \/>\n<meta property=\"og:type\" content=\"article\" \/>\n<meta property=\"og:title\" content=\"L&#039;archivio fotografico - La Notte\" \/>\n<meta property=\"og:description\" content=\"All\u2019interno del grande Archivio fotografico \u201cLa Notte\u201d, custodito presso il centro Apice dell\u2019Universit\u00e0 degli studi di Milano, accanto alle centinaia di migliaia di stampe fotografiche e telefoto, accanto a clich\u00e9s, ritagli di periodici, vignette e schede di film, si conserva una sezione poco esplorata, e perlopi\u00f9 inedita, del giornale: quella dei negativi fotografici. A differenza del resto dell\u2019archivio, fatto di riproduzioni di immagini di agenzie, di fotografi free lance, di archivi fotografici, i negativi rappresentano e attestano il lavoro dei fotografi interni della \u201cNotte\u201d, inviati dal giornale a inseguire i fatti di cronaca o a eseguire servizi fotografici \u201cposati\u201d: proprio questa caratteristica fa dei negativi la serie senz\u2019altro pi\u00f9 originale, unica e fors\u2019anche pi\u00f9 identitaria del giornale ed \u00e8 ad essa che abbiamo attinto le immagini che popolano questa appendice fotografica.\" \/>\n<meta property=\"og:url\" content=\"https:\/\/collezioni.unimi.it\/lanotte\/l-archivio-fotografico\/\" \/>\n<meta property=\"og:site_name\" content=\"La Notte\" \/>\n<meta property=\"article:modified_time\" content=\"2022-01-18T10:05:59+00:00\" \/>\n<meta property=\"og:image\" content=\"https:\/\/collezioni.unimi.it\/lanotte\/wp-content\/uploads\/l_archivio_fotografico_image-2.jpg\" \/>\n<meta name=\"twitter:card\" content=\"summary_large_image\" \/>\n<meta name=\"twitter:label1\" content=\"Tempo di lettura stimato\" \/>\n\t<meta name=\"twitter:data1\" content=\"12 minuti\" \/>\n<script type=\"application\/ld+json\" class=\"yoast-schema-graph\">{\"@context\":\"https:\\\/\\\/schema.org\",\"@graph\":[{\"@type\":\"WebPage\",\"@id\":\"https:\\\/\\\/collezioni.unimi.it\\\/lanotte\\\/l-archivio-fotografico\\\/\",\"url\":\"https:\\\/\\\/collezioni.unimi.it\\\/lanotte\\\/l-archivio-fotografico\\\/\",\"name\":\"L'archivio fotografico - La Notte\",\"isPartOf\":{\"@id\":\"https:\\\/\\\/collezioni.unimi.it\\\/lanotte\\\/#website\"},\"primaryImageOfPage\":{\"@id\":\"https:\\\/\\\/collezioni.unimi.it\\\/lanotte\\\/l-archivio-fotografico\\\/#primaryimage\"},\"image\":{\"@id\":\"https:\\\/\\\/collezioni.unimi.it\\\/lanotte\\\/l-archivio-fotografico\\\/#primaryimage\"},\"thumbnailUrl\":\"https:\\\/\\\/collezioni.unimi.it\\\/lanotte\\\/wp-content\\\/uploads\\\/l_archivio_fotografico_image-2.jpg\",\"datePublished\":\"2021-10-13T19:03:48+00:00\",\"dateModified\":\"2022-01-18T10:05:59+00:00\",\"description\":\"All\u2019interno del grande Archivio fotografico \u201cLa Notte\u201d, custodito presso il centro Apice dell\u2019Universit\u00e0 degli studi di Milano, accanto alle centinaia di migliaia di stampe fotografiche e telefoto, accanto a clich\u00e9s, ritagli di periodici, vignette e schede di film, si conserva una sezione poco esplorata, e perlopi\u00f9 inedita, del giornale: quella dei negativi fotografici. A differenza del resto dell\u2019archivio, fatto di riproduzioni di immagini di agenzie, di fotografi free lance, di archivi fotografici, i negativi rappresentano e attestano il lavoro dei fotografi interni della \u201cNotte\u201d, inviati dal giornale a inseguire i fatti di cronaca o a eseguire servizi fotografici \u201cposati\u201d: proprio questa caratteristica fa dei negativi la serie senz\u2019altro pi\u00f9 originale, unica e fors\u2019anche pi\u00f9 identitaria del giornale ed \u00e8 ad essa che abbiamo attinto le immagini che popolano questa appendice fotografica.\",\"breadcrumb\":{\"@id\":\"https:\\\/\\\/collezioni.unimi.it\\\/lanotte\\\/l-archivio-fotografico\\\/#breadcrumb\"},\"inLanguage\":\"it-IT\",\"potentialAction\":[{\"@type\":\"ReadAction\",\"target\":[\"https:\\\/\\\/collezioni.unimi.it\\\/lanotte\\\/l-archivio-fotografico\\\/\"]}]},{\"@type\":\"ImageObject\",\"inLanguage\":\"it-IT\",\"@id\":\"https:\\\/\\\/collezioni.unimi.it\\\/lanotte\\\/l-archivio-fotografico\\\/#primaryimage\",\"url\":\"https:\\\/\\\/collezioni.unimi.it\\\/lanotte\\\/wp-content\\\/uploads\\\/l_archivio_fotografico_image-2.jpg\",\"contentUrl\":\"https:\\\/\\\/collezioni.unimi.it\\\/lanotte\\\/wp-content\\\/uploads\\\/l_archivio_fotografico_image-2.jpg\",\"width\":449,\"height\":317,\"caption\":\"Scatti del giornale La Notte\"},{\"@type\":\"BreadcrumbList\",\"@id\":\"https:\\\/\\\/collezioni.unimi.it\\\/lanotte\\\/l-archivio-fotografico\\\/#breadcrumb\",\"itemListElement\":[{\"@type\":\"ListItem\",\"position\":1,\"name\":\"Home\",\"item\":\"https:\\\/\\\/collezioni.unimi.it\\\/lanotte\\\/\"},{\"@type\":\"ListItem\",\"position\":2,\"name\":\"L&#8217;archivio fotografico\"}]},{\"@type\":\"WebSite\",\"@id\":\"https:\\\/\\\/collezioni.unimi.it\\\/lanotte\\\/#website\",\"url\":\"https:\\\/\\\/collezioni.unimi.it\\\/lanotte\\\/\",\"name\":\"La Notte\",\"description\":\"Sito del Fondo La Notte\",\"publisher\":{\"@id\":\"https:\\\/\\\/collezioni.unimi.it\\\/lanotte\\\/#organization\"},\"potentialAction\":[{\"@type\":\"SearchAction\",\"target\":{\"@type\":\"EntryPoint\",\"urlTemplate\":\"https:\\\/\\\/collezioni.unimi.it\\\/lanotte\\\/?s={search_term_string}\"},\"query-input\":{\"@type\":\"PropertyValueSpecification\",\"valueRequired\":true,\"valueName\":\"search_term_string\"}}],\"inLanguage\":\"it-IT\"},{\"@type\":\"Organization\",\"@id\":\"https:\\\/\\\/collezioni.unimi.it\\\/lanotte\\\/#organization\",\"name\":\"La Notte\",\"url\":\"https:\\\/\\\/collezioni.unimi.it\\\/lanotte\\\/\",\"logo\":{\"@type\":\"ImageObject\",\"inLanguage\":\"it-IT\",\"@id\":\"https:\\\/\\\/collezioni.unimi.it\\\/lanotte\\\/#\\\/schema\\\/logo\\\/image\\\/\",\"url\":\"https:\\\/\\\/collezioni.unimi.it\\\/lanotte\\\/wp-content\\\/uploads\\\/2021\\\/10\\\/e99a6ff.svg\",\"contentUrl\":\"https:\\\/\\\/collezioni.unimi.it\\\/lanotte\\\/wp-content\\\/uploads\\\/2021\\\/10\\\/e99a6ff.svg\",\"width\":154,\"height\":38,\"caption\":\"La Notte\"},\"image\":{\"@id\":\"https:\\\/\\\/collezioni.unimi.it\\\/lanotte\\\/#\\\/schema\\\/logo\\\/image\\\/\"}}]}<\/script>\n<!-- \/ Yoast SEO plugin. -->","yoast_head_json":{"title":"L'archivio fotografico - La Notte","description":"All\u2019interno del grande Archivio fotografico \u201cLa Notte\u201d, custodito presso il centro Apice dell\u2019Universit\u00e0 degli studi di Milano, accanto alle centinaia di migliaia di stampe fotografiche e telefoto, accanto a clich\u00e9s, ritagli di periodici, vignette e schede di film, si conserva una sezione poco esplorata, e perlopi\u00f9 inedita, del giornale: quella dei negativi fotografici. A differenza del resto dell\u2019archivio, fatto di riproduzioni di immagini di agenzie, di fotografi free lance, di archivi fotografici, i negativi rappresentano e attestano il lavoro dei fotografi interni della \u201cNotte\u201d, inviati dal giornale a inseguire i fatti di cronaca o a eseguire servizi fotografici \u201cposati\u201d: proprio questa caratteristica fa dei negativi la serie senz\u2019altro pi\u00f9 originale, unica e fors\u2019anche pi\u00f9 identitaria del giornale ed \u00e8 ad essa che abbiamo attinto le immagini che popolano questa appendice fotografica.","robots":{"index":"index","follow":"follow","max-snippet":"max-snippet:-1","max-image-preview":"max-image-preview:large","max-video-preview":"max-video-preview:-1"},"canonical":"https:\/\/collezioni.unimi.it\/lanotte\/l-archivio-fotografico\/","og_locale":"it_IT","og_type":"article","og_title":"L'archivio fotografico - La Notte","og_description":"All\u2019interno del grande Archivio fotografico \u201cLa Notte\u201d, custodito presso il centro Apice dell\u2019Universit\u00e0 degli studi di Milano, accanto alle centinaia di migliaia di stampe fotografiche e telefoto, accanto a clich\u00e9s, ritagli di periodici, vignette e schede di film, si conserva una sezione poco esplorata, e perlopi\u00f9 inedita, del giornale: quella dei negativi fotografici. A differenza del resto dell\u2019archivio, fatto di riproduzioni di immagini di agenzie, di fotografi free lance, di archivi fotografici, i negativi rappresentano e attestano il lavoro dei fotografi interni della \u201cNotte\u201d, inviati dal giornale a inseguire i fatti di cronaca o a eseguire servizi fotografici \u201cposati\u201d: proprio questa caratteristica fa dei negativi la serie senz\u2019altro pi\u00f9 originale, unica e fors\u2019anche pi\u00f9 identitaria del giornale ed \u00e8 ad essa che abbiamo attinto le immagini che popolano questa appendice fotografica.","og_url":"https:\/\/collezioni.unimi.it\/lanotte\/l-archivio-fotografico\/","og_site_name":"La Notte","article_modified_time":"2022-01-18T10:05:59+00:00","og_image":[{"url":"https:\/\/collezioni.unimi.it\/lanotte\/wp-content\/uploads\/l_archivio_fotografico_image-2.jpg","type":"","width":"","height":""}],"twitter_card":"summary_large_image","twitter_misc":{"Tempo di lettura stimato":"12 minuti"},"schema":{"@context":"https:\/\/schema.org","@graph":[{"@type":"WebPage","@id":"https:\/\/collezioni.unimi.it\/lanotte\/l-archivio-fotografico\/","url":"https:\/\/collezioni.unimi.it\/lanotte\/l-archivio-fotografico\/","name":"L'archivio fotografico - La Notte","isPartOf":{"@id":"https:\/\/collezioni.unimi.it\/lanotte\/#website"},"primaryImageOfPage":{"@id":"https:\/\/collezioni.unimi.it\/lanotte\/l-archivio-fotografico\/#primaryimage"},"image":{"@id":"https:\/\/collezioni.unimi.it\/lanotte\/l-archivio-fotografico\/#primaryimage"},"thumbnailUrl":"https:\/\/collezioni.unimi.it\/lanotte\/wp-content\/uploads\/l_archivio_fotografico_image-2.jpg","datePublished":"2021-10-13T19:03:48+00:00","dateModified":"2022-01-18T10:05:59+00:00","description":"All\u2019interno del grande Archivio fotografico \u201cLa Notte\u201d, custodito presso il centro Apice dell\u2019Universit\u00e0 degli studi di Milano, accanto alle centinaia di migliaia di stampe fotografiche e telefoto, accanto a clich\u00e9s, ritagli di periodici, vignette e schede di film, si conserva una sezione poco esplorata, e perlopi\u00f9 inedita, del giornale: quella dei negativi fotografici. A differenza del resto dell\u2019archivio, fatto di riproduzioni di immagini di agenzie, di fotografi free lance, di archivi fotografici, i negativi rappresentano e attestano il lavoro dei fotografi interni della \u201cNotte\u201d, inviati dal giornale a inseguire i fatti di cronaca o a eseguire servizi fotografici \u201cposati\u201d: proprio questa caratteristica fa dei negativi la serie senz\u2019altro pi\u00f9 originale, unica e fors\u2019anche pi\u00f9 identitaria del giornale ed \u00e8 ad essa che abbiamo attinto le immagini che popolano questa appendice fotografica.","breadcrumb":{"@id":"https:\/\/collezioni.unimi.it\/lanotte\/l-archivio-fotografico\/#breadcrumb"},"inLanguage":"it-IT","potentialAction":[{"@type":"ReadAction","target":["https:\/\/collezioni.unimi.it\/lanotte\/l-archivio-fotografico\/"]}]},{"@type":"ImageObject","inLanguage":"it-IT","@id":"https:\/\/collezioni.unimi.it\/lanotte\/l-archivio-fotografico\/#primaryimage","url":"https:\/\/collezioni.unimi.it\/lanotte\/wp-content\/uploads\/l_archivio_fotografico_image-2.jpg","contentUrl":"https:\/\/collezioni.unimi.it\/lanotte\/wp-content\/uploads\/l_archivio_fotografico_image-2.jpg","width":449,"height":317,"caption":"Scatti del giornale La Notte"},{"@type":"BreadcrumbList","@id":"https:\/\/collezioni.unimi.it\/lanotte\/l-archivio-fotografico\/#breadcrumb","itemListElement":[{"@type":"ListItem","position":1,"name":"Home","item":"https:\/\/collezioni.unimi.it\/lanotte\/"},{"@type":"ListItem","position":2,"name":"L&#8217;archivio fotografico"}]},{"@type":"WebSite","@id":"https:\/\/collezioni.unimi.it\/lanotte\/#website","url":"https:\/\/collezioni.unimi.it\/lanotte\/","name":"La Notte","description":"Sito del Fondo La Notte","publisher":{"@id":"https:\/\/collezioni.unimi.it\/lanotte\/#organization"},"potentialAction":[{"@type":"SearchAction","target":{"@type":"EntryPoint","urlTemplate":"https:\/\/collezioni.unimi.it\/lanotte\/?s={search_term_string}"},"query-input":{"@type":"PropertyValueSpecification","valueRequired":true,"valueName":"search_term_string"}}],"inLanguage":"it-IT"},{"@type":"Organization","@id":"https:\/\/collezioni.unimi.it\/lanotte\/#organization","name":"La Notte","url":"https:\/\/collezioni.unimi.it\/lanotte\/","logo":{"@type":"ImageObject","inLanguage":"it-IT","@id":"https:\/\/collezioni.unimi.it\/lanotte\/#\/schema\/logo\/image\/","url":"https:\/\/collezioni.unimi.it\/lanotte\/wp-content\/uploads\/2021\/10\/e99a6ff.svg","contentUrl":"https:\/\/collezioni.unimi.it\/lanotte\/wp-content\/uploads\/2021\/10\/e99a6ff.svg","width":154,"height":38,"caption":"La Notte"},"image":{"@id":"https:\/\/collezioni.unimi.it\/lanotte\/#\/schema\/logo\/image\/"}}]}},"_links":{"self":[{"href":"https:\/\/collezioni.unimi.it\/lanotte\/wp-json\/wp\/v2\/pages\/320","targetHints":{"allow":["GET"]}}],"collection":[{"href":"https:\/\/collezioni.unimi.it\/lanotte\/wp-json\/wp\/v2\/pages"}],"about":[{"href":"https:\/\/collezioni.unimi.it\/lanotte\/wp-json\/wp\/v2\/types\/page"}],"author":[{"embeddable":true,"href":"https:\/\/collezioni.unimi.it\/lanotte\/wp-json\/wp\/v2\/users\/1"}],"replies":[{"embeddable":true,"href":"https:\/\/collezioni.unimi.it\/lanotte\/wp-json\/wp\/v2\/comments?post=320"}],"version-history":[{"count":80,"href":"https:\/\/collezioni.unimi.it\/lanotte\/wp-json\/wp\/v2\/pages\/320\/revisions"}],"predecessor-version":[{"id":3710,"href":"https:\/\/collezioni.unimi.it\/lanotte\/wp-json\/wp\/v2\/pages\/320\/revisions\/3710"}],"wp:attachment":[{"href":"https:\/\/collezioni.unimi.it\/lanotte\/wp-json\/wp\/v2\/media?parent=320"}],"curies":[{"name":"wp","href":"https:\/\/api.w.org\/{rel}","templated":true}]}}